{"id":8016,"date":"2020-12-12T21:00:39","date_gmt":"2020-12-12T20:00:39","guid":{"rendered":"https:\/\/vacanzeideali.it\/appartamento\/il-padrone\/"},"modified":"2022-07-14T19:15:48","modified_gmt":"2022-07-14T17:15:48","slug":"il-padrone","status":"publish","type":"appartamento","link":"https:\/\/vacanzeideali.it\/fr\/appartement\/il-padrone\/","title":{"rendered":"Il Padrone"},"content":{"rendered":"\n<figure class=\"wp-block-table is-style-stripes\"><table class=\"has-background\" style=\"background-color:#f3f4f5\"><tbody><tr><td><strong>1\u00b0ETAGE<\/strong><\/td><td><strong>MEZZANINE<\/strong><\/td><\/tr><tr><td>S\u00e9jour avec canap\u00e9-lit<br \/>D\u00e9jeuner avec kitchenette<br \/>Cheminette<br \/>Chambre Double<br \/>Salle de bain avec douche<\/td><td>Chambre Double<br \/>WC<\/td><\/tr><tr><td><strong>Loggia Couverte<\/strong> &#8211; <strong>Jardin Priv\u00e9<\/strong><\/td><td><\/td><\/tr><\/tbody><\/table><\/figure>\n\n<p class=\"has-text-align-center wp-block-paragraph\"><strong>** L&rsquo;h\u00e9bergement est \u00e9quip\u00e9 d&rsquo;un syst\u00e8me de climatisation **<\/strong><\/p>\n","protected":false},"featured_media":7269,"template":"","alloggio":[585019418],"tipologia":[585019370],"class_list":["post-8016","appartamento","type-appartamento","status-publish","has-post-thumbnail","hentry","alloggio-il-padrone-fr","tipologia-appartements-trois-pieces"],"acf":[],"_links":{"self":[{"href":"https:\/\/vacanzeideali.it\/fr\/wp-json\/wp\/v2\/appartamento\/8016","targetHints":{"allow":["GET"]}}],"collection":[{"href":"https:\/\/vacanzeideali.it\/fr\/wp-json\/wp\/v2\/appartamento"}],"about":[{"href":"https:\/\/vacanzeideali.it\/fr\/wp-json\/wp\/v2\/types\/appartamento"}],"wp:featuredmedia":[{"embeddable":true,"href":"https:\/\/vacanzeideali.it\/fr\/wp-json\/wp\/v2\/media\/7269"}],"wp:attachment":[{"href":"https:\/\/vacanzeideali.it\/fr\/wp-json\/wp\/v2\/media?parent=8016"}],"wp:term":[{"taxonomy":"alloggio","embeddable":true,"href":"https:\/\/vacanzeideali.it\/fr\/wp-json\/wp\/v2\/alloggio?post=8016"},{"taxonomy":"tipologia","embeddable":true,"href":"https:\/\/vacanzeideali.it\/fr\/wp-json\/wp\/v2\/tipologia?post=8016"}],"curies":[{"name":"wp","href":"https:\/\/api.w.org\/{rel}","templated":true}]}}